{"id":1694,"date":"2026-08-07T11:14:23","date_gmt":"2026-08-07T11:14:23","guid":{"rendered":"https:\/\/mediterranmindennapok.com\/?page_id=1694"},"modified":"2026-08-07T11:14:23","modified_gmt":"2026-08-07T11:14:23","slug":"faq","status":"publish","type":"page","link":"https:\/\/mediterranmindennapok.com\/hu\/faq\/","title":{"rendered":"Gyakori K\u00e9rd\u00e9sek"},"content":{"rendered":"<section class=\"wp-block-atomic-wind-box alignfull bg-white px-6 py-24\">\n<div class=\"wp-block-atomic-wind-box mx-auto flex max-w-3xl flex-col gap-12\">\n<div class=\"wp-block-atomic-wind-box mx-auto flex max-w-2xl flex-col items-center gap-4 text-center\">\n<span class=\"wp-block-atomic-wind-text text-sm font-bold uppercase tracking-widest text-indigo-600 m-0\" data-rich-text=\"\">Gyakori K\u00e9rd\u00e9sek<\/span>\n\n\n\n<h2 class=\"wp-block-atomic-wind-text text-4xl font-bold tracking-tight text-neutral-900 m-0\" data-rich-text=\"\">Gyakori K\u00e9rd\u00e9sek<\/h2>\n\n\n\n<p class=\"wp-block-atomic-wind-text text-base leading-relaxed text-neutral-600 m-0\" data-rich-text=\"\"><\/p>\n<\/div>\n\n\n\n<div class=\"wp-block-atomic-wind-box flex flex-col gap-4\">\n<div class=\"wp-block-atomic-wind-box rounded-2xl border border-neutral-200 bg-neutral-50 p-6\">\n<div class=\"wp-block-atomic-wind-box flex cursor-pointer select-none items-center justify-between gap-4\" data-state-trigger=\"fac-1\" data-state-action=\"toggle\" data-state-default=\"\">\n<h3 class=\"wp-block-atomic-wind-text text-base font-bold text-neutral-900 m-0\" data-rich-text=\"\">Mit jelent pontosan a k\u00eds\u00e9r\u0151 tolm\u00e1cs, \u00e9s miben k\u00fcl\u00f6nb\u00f6zik a hivatalos szakford\u00edt\u00f3t\u00f3l?<\/h3>\n\n\n\n<div class=\"wp-block-atomic-wind-box shrink-0\"><svg data-hide-if=\"fac-1\" class=\"size-5 text-indigo-600 m-0 wp-block-atomic-wind-icon\" viewbox=\"0 0 24 24\" fill=\"none\" stroke=\"currentColor\" stroke-width=\"2\" stroke-linecap=\"round\" stroke-linejoin=\"round\"><path d=\"M5 12h14\" \/><path d=\"M12 5v14\" \/><\/svg>\n\n<svg data-show-if=\"fac-1\" class=\"size-5 text-indigo-600 m-0 wp-block-atomic-wind-icon\" viewbox=\"0 0 24 24\" fill=\"none\" stroke=\"currentColor\" stroke-width=\"2\" stroke-linecap=\"round\" stroke-linejoin=\"round\"><path d=\"M5 12h14\" \/><\/svg><\/div>\n<\/div>\n\n\n\n<p class=\"wp-block-atomic-wind-text mt-3 text-sm leading-relaxed text-neutral-600 m-0\" data-show-if=\"fac-1\" data-rich-text=\"\">A k\u00eds\u00e9r\u0151 tolm\u00e1cs szem\u00e9lyesen seg\u00edt neked a mindennapi \u00fcgyint\u00e9z\u00e9sek sor\u00e1n \u2014 orvosi viziteken, adminisztrat\u00edv feladatokn\u00e1l, k\u00f6zjegyz\u0151n\u00e9l \u2014  \u00e9s val\u00f3s id\u0151ben ford\u00edt, hogy mindent meg\u00e9rts, \u00e9s biztons\u00e1ggal kommunik\u00e1lhass. Ezzel szemben a hivatalos szakford\u00edt\u00f3 (traductor jurado) \u00edr\u00e1sbeli dokumentumokat (p\u00e9ld\u00e1ul sz\u00fclet\u00e9si anyak\u00f6nyvi kivonatokat vagy szerz\u0151d\u00e9seket) hiteles\u00edt hivatalos \u00e9s jogi \u00e9rv\u00e9nyess\u00e9ggel. Ha ilyen t\u00edpus\u00fa hiteles ford\u00edt\u00e1sra van sz\u00fcks\u00e9ged, sz\u00edvesen \u00fatbaigaz\u00edtalak, hogy hol tudod beszerezni, de az \u00e9n szolg\u00e1ltat\u00e1som a szem\u00e9lyes k\u00eds\u00e9retre \u00e9s tolm\u00e1csol\u00e1sra \u00f6sszpontos\u00edt.<br><\/p>\n<\/div>\n\n\n\n<div class=\"wp-block-atomic-wind-box rounded-2xl border border-neutral-200 bg-neutral-50 p-6\">\n<div class=\"wp-block-atomic-wind-box flex cursor-pointer select-none items-center justify-between gap-4\" data-state-trigger=\"fac-2\" data-state-action=\"toggle\">\n<h3 class=\"wp-block-atomic-wind-text text-base font-bold text-neutral-900 m-0\" data-rich-text=\"\">Mely ter\u00fcleteken \u00e9rhet\u0151 el a szem\u00e9lyes szolg\u00e1ltat\u00e1s?<\/h3>\n\n\n\n<div class=\"wp-block-atomic-wind-box shrink-0\"><svg data-hide-if=\"fac-2\" class=\"size-5 text-indigo-600 m-0 wp-block-atomic-wind-icon\" viewbox=\"0 0 24 24\" fill=\"none\" stroke=\"currentColor\" stroke-width=\"2\" stroke-linecap=\"round\" stroke-linejoin=\"round\"><path d=\"M5 12h14\" \/><path d=\"M12 5v14\" \/><\/svg>\n\n<svg data-show-if=\"fac-2\" class=\"size-5 text-indigo-600 m-0 wp-block-atomic-wind-icon\" viewbox=\"0 0 24 24\" fill=\"none\" stroke=\"currentColor\" stroke-width=\"2\" stroke-linecap=\"round\" stroke-linejoin=\"round\"><path d=\"M5 12h14\" \/><\/svg><\/div>\n<\/div>\n\n\n\n<p class=\"wp-block-atomic-wind-text mt-3 text-sm leading-relaxed text-neutral-600 m-0\" data-show-if=\"fac-2\" data-rich-text=\"\">Szem\u00e9lyesen a Mar Menor ter\u00fclet\u00e9n \u00e9s k\u00f6rny\u00e9k\u00e9n (San Javier, San Pedro del Pinatar, Los Alc\u00e1zares, Torre Pacheco), Murcia v\u00e1ros\u00e1ban, Cartagen\u00e1ban, valamint Alicante tartom\u00e1ny d\u00e9li r\u00e9sz\u00e9n vagyok el\u00e9rhet\u0151. Ezen a r\u00e9gi\u00f3n k\u00edv\u00fcl telefonon vagy videoh\u00edv\u00e1son kereszt\u00fcl tudok seg\u00edteni neked.<br><\/p>\n<\/div>\n\n\n\n<div class=\"wp-block-atomic-wind-box rounded-2xl border border-neutral-200 bg-neutral-50 p-6\">\n<div class=\"wp-block-atomic-wind-box flex cursor-pointer select-none items-center justify-between gap-4\" data-state-trigger=\"fac-3\" data-state-action=\"toggle\">\n<h3 class=\"wp-block-atomic-wind-text text-base font-bold text-neutral-900 m-0\" data-rich-text=\"\">Magyarorsz\u00e1gon \u00e9lek, \u00e9s a k\u00f6lt\u00f6z\u00e9st fontolgatom. Tudsz nekem seg\u00edteni m\u00e9g a Spanyolorsz\u00e1gba \u00e9rkez\u00e9sem el\u0151tt?<\/h3>\n\n\n\n<div class=\"wp-block-atomic-wind-box shrink-0\"><svg data-hide-if=\"fac-3\" class=\"size-5 text-indigo-600 m-0 wp-block-atomic-wind-icon\" viewbox=\"0 0 24 24\" fill=\"none\" stroke=\"currentColor\" stroke-width=\"2\" stroke-linecap=\"round\" stroke-linejoin=\"round\"><path d=\"M5 12h14\" \/><path d=\"M12 5v14\" \/><\/svg>\n\n<svg data-show-if=\"fac-3\" class=\"size-5 text-indigo-600 m-0 wp-block-atomic-wind-icon\" viewbox=\"0 0 24 24\" fill=\"none\" stroke=\"currentColor\" stroke-width=\"2\" stroke-linecap=\"round\" stroke-linejoin=\"round\"><path d=\"M5 12h14\" \/><\/svg><\/div>\n<\/div>\n\n\n\n<p class=\"wp-block-atomic-wind-text mt-3 text-sm leading-relaxed text-neutral-600 m-0\" data-show-if=\"fac-3\" data-rich-text=\"\">Igen. Besz\u00e9lhet\u00fcnk videoh\u00edv\u00e1son kereszt\u00fcl, hogy megv\u00e1laszoljuk az els\u0151 k\u00e9rd\u00e9seidet, \u00e1tn\u00e9zz\u00fck a dokumentumokat, vagy ak\u00e1r egy r\u00e9szletes videot\u00far\u00e1t is k\u00e9sz\u00edthetek neked a kiszemelt ingatlanr\u00f3l, m\u00e9g miel\u0151tt fontos d\u00f6nt\u00e9seket hozn\u00e1l. \u00cdgy m\u00e1r \u00fagy \u00e9rkezel meg Spanyolorsz\u00e1gba, hogy a folyamatok nagy r\u00e9sz\u00e9t el\u0151re elint\u00e9zt\u00fck.<br><\/p>\n<\/div>\n\n\n\n<div class=\"wp-block-atomic-wind-box rounded-2xl border border-neutral-200 bg-neutral-50 p-6\">\n<div class=\"wp-block-atomic-wind-box flex cursor-pointer select-none items-center justify-between gap-4\" data-state-trigger=\"fac-4\" data-state-action=\"toggle\">\n<h3 class=\"wp-block-atomic-wind-text text-base font-bold text-neutral-900 m-0\" data-rich-text=\"\">Mennyibe ker\u00fcl a szolg\u00e1ltat\u00e1s?<\/h3>\n\n\n\n<div class=\"wp-block-atomic-wind-box shrink-0\"><svg data-hide-if=\"fac-4\" class=\"size-5 text-indigo-600 m-0 wp-block-atomic-wind-icon\" viewbox=\"0 0 24 24\" fill=\"none\" stroke=\"currentColor\" stroke-width=\"2\" stroke-linecap=\"round\" stroke-linejoin=\"round\"><path d=\"M5 12h14\" \/><path d=\"M12 5v14\" \/><\/svg>\n\n<svg data-show-if=\"fac-4\" class=\"size-5 text-indigo-600 m-0 wp-block-atomic-wind-icon\" viewbox=\"0 0 24 24\" fill=\"none\" stroke=\"currentColor\" stroke-width=\"2\" stroke-linecap=\"round\" stroke-linejoin=\"round\"><path d=\"M5 12h14\" \/><\/svg><\/div>\n<\/div>\n\n\n\n<p class=\"wp-block-atomic-wind-text mt-3 text-sm leading-relaxed text-neutral-600 m-0\" data-show-if=\"fac-4\" data-rich-text=\"\">Minden \u00e1ramat megtekintheted a <a href=\"https:\/\/mediterranmindennapok.com\/hu\/servicios\/\">Szolg\u00e1ltat\u00e1sok \u00e9s \u00e1rak<\/a>Mindenesetre az a legjobb, ha elmes\u00e9led, milyen szolg\u00e1ltat\u00e1sra van sz\u00fcks\u00e9ged, hogy egy, a te konkr\u00e9t \u00fcgyedre szabott \u00e1raj\u00e1nlatot k\u00e9sz\u00edthessek neked.<br><\/p>\n<\/div>\n\n\n\n<div class=\"wp-block-atomic-wind-box rounded-2xl border border-neutral-200 bg-neutral-50 p-6\">\n<div class=\"wp-block-atomic-wind-box flex cursor-pointer select-none items-center justify-between gap-4\" data-state-trigger=\"fac-5\" data-state-action=\"toggle\">\n<h3 class=\"wp-block-atomic-wind-text text-base font-bold text-neutral-900 m-0\" data-rich-text=\"\">Hogyan tudok id\u0151pontot foglalni hozz\u00e1d?<\/h3>\n\n\n\n<div class=\"wp-block-atomic-wind-box shrink-0\"><svg data-hide-if=\"fac-5\" class=\"size-5 text-indigo-600 m-0 wp-block-atomic-wind-icon\" viewbox=\"0 0 24 24\" fill=\"none\" stroke=\"currentColor\" stroke-width=\"2\" stroke-linecap=\"round\" stroke-linejoin=\"round\"><path d=\"M5 12h14\" \/><path d=\"M12 5v14\" \/><\/svg>\n\n<svg data-show-if=\"fac-5\" class=\"size-5 text-indigo-600 m-0 wp-block-atomic-wind-icon\" viewbox=\"0 0 24 24\" fill=\"none\" stroke=\"currentColor\" stroke-width=\"2\" stroke-linecap=\"round\" stroke-linejoin=\"round\"><path d=\"M5 12h14\" \/><\/svg><\/div>\n<\/div>\n\n\n\n<p class=\"wp-block-atomic-wind-text mt-3 text-sm leading-relaxed text-neutral-600 m-0\" data-show-if=\"fac-5\" data-rich-text=\"\">\u00cdrj nekem WhatsAppon vagy e-mailben, \u00e9s mondd el, miben seg\u00edthetek. K\u00f6telezetts\u00e9gek n\u00e9lk\u00fcl besz\u00e9lget\u00fcnk, k\u00f6z\u00f6sen \u00e1tn\u00e9zz\u00fck a sz\u00fcks\u00e9ges dokumentumokat, \u00e9s egyeztetj\u00fck az \u00fcgyint\u00e9z\u00e9s napj\u00e1t.<br><\/p>\n<\/div>\n\n\n\n<div class=\"wp-block-atomic-wind-box rounded-2xl border border-neutral-200 bg-neutral-50 p-6\">\n<div class=\"wp-block-atomic-wind-box flex cursor-pointer select-none items-center justify-between gap-4\" data-state-trigger=\"fac-5\" data-state-action=\"toggle\">\n<h3 class=\"wp-block-atomic-wind-text text-base font-bold text-neutral-900 m-0\" data-rich-text=\"\">Mennyivel el\u0151re kell kapcsolatba l\u00e9pnem veled?<\/h3>\n\n\n\n<div class=\"wp-block-atomic-wind-box shrink-0\"><svg data-hide-if=\"fac-5\" class=\"size-5 text-indigo-600 m-0 wp-block-atomic-wind-icon\" viewbox=\"0 0 24 24\" fill=\"none\" stroke=\"currentColor\" stroke-width=\"2\" stroke-linecap=\"round\" stroke-linejoin=\"round\"><path d=\"M5 12h14\" \/><path d=\"M12 5v14\" \/><\/svg>\n\n<svg data-show-if=\"fac-5\" class=\"size-5 text-indigo-600 m-0 wp-block-atomic-wind-icon\" viewbox=\"0 0 24 24\" fill=\"none\" stroke=\"currentColor\" stroke-width=\"2\" stroke-linecap=\"round\" stroke-linejoin=\"round\"><path d=\"M5 12h14\" \/><\/svg><\/div>\n<\/div>\n\n\n\n<p class=\"wp-block-atomic-wind-text mt-3 text-sm leading-relaxed text-neutral-600 m-0\" data-show-if=\"fac-5\" data-rich-text=\"\">A legjobb, ha a lehet\u0151 leghamarabb felveszed velem a kapcsolatot az id\u0151pont biztos\u00edt\u00e1sa \u00e9rdek\u00e9ben, b\u00e1r s\u00fcrg\u0151s \u00fcgyekben igyekszem mindig alkalmazkodni, amennyiben az id\u0151beoszt\u00e1som engedi.<br><\/p>\n<\/div>\n\n\n\n<div class=\"wp-block-atomic-wind-box rounded-2xl border border-neutral-200 bg-neutral-50 p-6\">\n<div class=\"wp-block-atomic-wind-box flex cursor-pointer select-none items-center justify-between gap-4\" data-state-trigger=\"fac-5\" data-state-action=\"toggle\">\n<h3 class=\"wp-block-atomic-wind-text text-base font-bold text-neutral-900 m-0\" data-rich-text=\"\">V\u00e1llalsz s\u00fcrg\u0151s orvosi eseteket?<\/h3>\n\n\n\n<div class=\"wp-block-atomic-wind-box shrink-0\"><svg data-hide-if=\"fac-5\" class=\"size-5 text-indigo-600 m-0 wp-block-atomic-wind-icon\" viewbox=\"0 0 24 24\" fill=\"none\" stroke=\"currentColor\" stroke-width=\"2\" stroke-linecap=\"round\" stroke-linejoin=\"round\"><path d=\"M5 12h14\" \/><path d=\"M12 5v14\" \/><\/svg>\n\n<svg data-show-if=\"fac-5\" class=\"size-5 text-indigo-600 m-0 wp-block-atomic-wind-icon\" viewbox=\"0 0 24 24\" fill=\"none\" stroke=\"currentColor\" stroke-width=\"2\" stroke-linecap=\"round\" stroke-linejoin=\"round\"><path d=\"M5 12h14\" \/><\/svg><\/div>\n<\/div>\n\n\n\n<p class=\"wp-block-atomic-wind-text mt-3 text-sm leading-relaxed text-neutral-600 m-0\" data-show-if=\"fac-5\" data-rich-text=\"\">Sajn\u00e1lom, de a munkaid\u0151m\u00f6n k\u00edv\u00fcl nem tudok s\u00fcrg\u0151s orvosi eseteket v\u00e1llalni. El\u0151re tervezett \u00fcgyekben, mint p\u00e9ld\u00e1ul konzult\u00e1ci\u00f3k vagy fel\u00fclvizsg\u00e1latok, term\u00e9szetesen sz\u00edvesen elk\u00eds\u00e9rlek.<br><\/p>\n<\/div>\n\n\n\n<div class=\"wp-block-atomic-wind-box rounded-2xl border border-neutral-200 bg-neutral-50 p-6\">\n<div class=\"wp-block-atomic-wind-box flex cursor-pointer select-none items-center justify-between gap-4\" data-state-trigger=\"fac-5\" data-state-action=\"toggle\">\n<h3 class=\"wp-block-atomic-wind-text text-base font-bold text-neutral-900 m-0\" data-rich-text=\"\">Bizalmasan kezeled az inform\u00e1ci\u00f3kat, amiket megosztok veled?<\/h3>\n\n\n\n<div class=\"wp-block-atomic-wind-box shrink-0\"><svg data-hide-if=\"fac-5\" class=\"size-5 text-indigo-600 m-0 wp-block-atomic-wind-icon\" viewbox=\"0 0 24 24\" fill=\"none\" stroke=\"currentColor\" stroke-width=\"2\" stroke-linecap=\"round\" stroke-linejoin=\"round\"><path d=\"M5 12h14\" \/><path d=\"M12 5v14\" \/><\/svg>\n\n<svg data-show-if=\"fac-5\" class=\"size-5 text-indigo-600 m-0 wp-block-atomic-wind-icon\" viewbox=\"0 0 24 24\" fill=\"none\" stroke=\"currentColor\" stroke-width=\"2\" stroke-linecap=\"round\" stroke-linejoin=\"round\"><path d=\"M5 12h14\" \/><\/svg><\/div>\n<\/div>\n\n\n\n<p class=\"wp-block-atomic-wind-text mt-3 text-sm leading-relaxed text-neutral-600 m-0\" data-show-if=\"fac-5\" data-rich-text=\"\">Igen, teljes m\u00e9rt\u00e9kben. A szem\u00e9lyes, orvosi vagy jogi helyzetedre vonatkoz\u00f3 minden inform\u00e1ci\u00f3t szigor\u00faan bizalmasan kezelek.<br><\/p>\n<\/div>\n\n\n\n<div class=\"wp-block-atomic-wind-box rounded-2xl border border-neutral-200 bg-neutral-50 p-6\">\n<div class=\"wp-block-atomic-wind-box flex cursor-pointer select-none items-center justify-between gap-4\" data-state-trigger=\"fac-5\" data-state-action=\"toggle\">\n<h3 class=\"wp-block-atomic-wind-text text-base font-bold text-neutral-900 m-0\" data-rich-text=\"\">Besz\u00e9lsz m\u00e1s nyelveken is a spanyolon \u00e9s a magyaron k\u00edv\u00fcl?<\/h3>\n\n\n\n<div class=\"wp-block-atomic-wind-box shrink-0\"><svg data-hide-if=\"fac-5\" class=\"size-5 text-indigo-600 m-0 wp-block-atomic-wind-icon\" viewbox=\"0 0 24 24\" fill=\"none\" stroke=\"currentColor\" stroke-width=\"2\" stroke-linecap=\"round\" stroke-linejoin=\"round\"><path d=\"M5 12h14\" \/><path d=\"M12 5v14\" \/><\/svg>\n\n<svg data-show-if=\"fac-5\" class=\"size-5 text-indigo-600 m-0 wp-block-atomic-wind-icon\" viewbox=\"0 0 24 24\" fill=\"none\" stroke=\"currentColor\" stroke-width=\"2\" stroke-linecap=\"round\" stroke-linejoin=\"round\"><path d=\"M5 12h14\" \/><\/svg><\/div>\n<\/div>\n\n\n\n<p class=\"wp-block-atomic-wind-text mt-3 text-sm leading-relaxed text-neutral-600 m-0\" data-show-if=\"fac-5\" data-rich-text=\"\">Nem, a szolg\u00e1ltat\u00e1som kiz\u00e1r\u00f3lag a spanyol \u00e9s a magyar nyelvre \u00f6sszpontos\u00edt.                                                                                          <br><\/p>\n<\/div>\n\n\n\n<div class=\"wp-block-atomic-wind-box rounded-2xl border border-neutral-200 bg-neutral-50 p-6\">\n<div class=\"wp-block-atomic-wind-box flex cursor-pointer select-none items-center justify-between gap-4\" data-state-trigger=\"fac-5\" data-state-action=\"toggle\">\n<h3 class=\"wp-block-atomic-wind-text text-base font-bold text-neutral-900 m-0\" data-rich-text=\"\">Megb\u00edzhatlak csak egyetlen konkr\u00e9t \u00fcgyint\u00e9z\u00e9ssel is, vagy hosszabb t\u00e1v\u00fa szerz\u0151d\u00e9sre van sz\u00fcks\u00e9g?<\/h3>\n\n\n\n<div class=\"wp-block-atomic-wind-box shrink-0\"><svg data-hide-if=\"fac-5\" class=\"size-5 text-indigo-600 m-0 wp-block-atomic-wind-icon\" viewbox=\"0 0 24 24\" fill=\"none\" stroke=\"currentColor\" stroke-width=\"2\" stroke-linecap=\"round\" stroke-linejoin=\"round\"><path d=\"M5 12h14\" \/><path d=\"M12 5v14\" \/><\/svg>\n\n<svg data-show-if=\"fac-5\" class=\"size-5 text-indigo-600 m-0 wp-block-atomic-wind-icon\" viewbox=\"0 0 24 24\" fill=\"none\" stroke=\"currentColor\" stroke-width=\"2\" stroke-linecap=\"round\" stroke-linejoin=\"round\"><path d=\"M5 12h14\" \/><\/svg><\/div>\n<\/div>\n\n\n\n<p class=\"wp-block-atomic-wind-text mt-3 text-sm leading-relaxed text-neutral-600 m-0\" data-show-if=\"fac-5\" data-rich-text=\"\">Nincs sz\u00fcks\u00e9g semmilyen hossz\u00fa t\u00e1v\u00fa elk\u00f6telez\u0151d\u00e9sre. Sz\u00e1m\u00edthatsz r\u00e1m egyetlen \u00fcgyint\u00e9z\u00e9s \u2014 egy orvosi vizit, egy k\u00f6zjegyz\u0151i al\u00e1\u00edr\u00e1s \u2014 alkalm\u00e1val is, vagy ak\u00e1r folyamatos k\u00eds\u00e9retk\u00e9nt, am\u00edg letelepedsz Spanyolorsz\u00e1gban.                                                                           <br><\/p>\n<\/div>\n\n\n\n<div class=\"wp-block-atomic-wind-box rounded-2xl border border-neutral-200 bg-neutral-50 p-6\">\n<div class=\"wp-block-atomic-wind-box flex cursor-pointer select-none items-center justify-between gap-4\" data-state-trigger=\"fac-5\" data-state-action=\"toggle\">\n<h3 class=\"wp-block-atomic-wind-text text-base font-bold text-neutral-900 m-0\" data-rich-text=\"\">Mit kell magammal vinnem a tal\u00e1lkoz\u00f3ra, hogy a legjobban tudj seg\u00edteni nekem?<\/h3>\n\n\n\n<div class=\"wp-block-atomic-wind-box shrink-0\"><svg data-hide-if=\"fac-5\" class=\"size-5 text-indigo-600 m-0 wp-block-atomic-wind-icon\" viewbox=\"0 0 24 24\" fill=\"none\" stroke=\"currentColor\" stroke-width=\"2\" stroke-linecap=\"round\" stroke-linejoin=\"round\"><path d=\"M5 12h14\" \/><path d=\"M12 5v14\" \/><\/svg>\n\n<svg data-show-if=\"fac-5\" class=\"size-5 text-indigo-600 m-0 wp-block-atomic-wind-icon\" viewbox=\"0 0 24 24\" fill=\"none\" stroke=\"currentColor\" stroke-width=\"2\" stroke-linecap=\"round\" stroke-linejoin=\"round\"><path d=\"M5 12h14\" \/><\/svg><\/div>\n<\/div>\n\n\n\n<p class=\"wp-block-atomic-wind-text mt-3 text-sm leading-relaxed text-neutral-600 m-0\" data-show-if=\"fac-5\" data-rich-text=\"\">Mivel minden eset m\u00e1s \u00e9s m\u00e1s, a tal\u00e1lkoz\u00f3 el\u0151tt mindig k\u00f6z\u00f6sen \u00e1tn\u00e9zz\u00fck, mire lesz sz\u00fcks\u00e9ged. Ennek ellen\u00e9re egy j\u00f3 \u00e1ltal\u00e1nos tan\u00e1cs, hogy minden fontos pap\u00edrodat tartsd mindig k\u00e9zn\u00e9l.                                                               <br><\/p>\n<\/div>\n<\/div>\n<\/div>\n<\/section>","protected":false},"excerpt":{"rendered":"","protected":false},"author":1,"featured_media":0,"parent":0,"menu_order":0,"comment_status":"closed","ping_status":"closed","template":"","meta":{"_themeisle_gutenberg_block_has_review":false,"_kadence_starter_templates_imported_post":false,"_kad_post_transparent":"default","_kad_post_title":"hide","_kad_post_layout":"","_kad_post_sidebar_id":"","_kad_post_content_style":"","_kad_post_vertical_padding":"","_kad_post_feature":"","_kad_post_feature_position":"","_kad_post_header":false,"_kad_post_footer":false,"_kad_post_classname":"","_joinchat":[],"footnotes":""},"class_list":["post-1694","page","type-page","status-publish","hentry"],"_links":{"self":[{"href":"https:\/\/mediterranmindennapok.com\/hu\/wp-json\/wp\/v2\/pages\/1694","targetHints":{"allow":["GET"]}}],"collection":[{"href":"https:\/\/mediterranmindennapok.com\/hu\/wp-json\/wp\/v2\/pages"}],"about":[{"href":"https:\/\/mediterranmindennapok.com\/hu\/wp-json\/wp\/v2\/types\/page"}],"author":[{"embeddable":true,"href":"https:\/\/mediterranmindennapok.com\/hu\/wp-json\/wp\/v2\/users\/1"}],"replies":[{"embeddable":true,"href":"https:\/\/mediterranmindennapok.com\/hu\/wp-json\/wp\/v2\/comments?post=1694"}],"version-history":[{"count":2,"href":"https:\/\/mediterranmindennapok.com\/hu\/wp-json\/wp\/v2\/pages\/1694\/revisions"}],"predecessor-version":[{"id":1696,"href":"https:\/\/mediterranmindennapok.com\/hu\/wp-json\/wp\/v2\/pages\/1694\/revisions\/1696"}],"wp:attachment":[{"href":"https:\/\/mediterranmindennapok.com\/hu\/wp-json\/wp\/v2\/media?parent=1694"}],"curies":[{"name":"wp","href":"https:\/\/api.w.org\/{rel}","templated":true}]}}